{"id":609,"date":"2025-10-24T20:59:42","date_gmt":"2025-10-24T20:59:42","guid":{"rendered":"https:\/\/mindfulnessycompasion.com.ar\/?page_id=609"},"modified":"2025-10-25T23:51:48","modified_gmt":"2025-10-25T23:51:48","slug":"crianza-consciente","status":"publish","type":"page","link":"https:\/\/mindfulnessycompasion.com.ar\/en\/libros\/crianza-consciente\/","title":{"rendered":"Crianza Consciente"},"content":{"rendered":"<div class=\"wp-block-columns is-layout-flex wp-container-core-columns-is-layout-9d6595d7 wp-block-columns-is-layout-flex\">\n<div class=\"wp-block-column encabezado-libro has-background is-layout-flow wp-block-column-is-layout-flow\" style=\"background-color:#007a6b\">\n<h2 class=\"wp-block-heading has-text-align-center has-white-color has-text-color has-link-color wp-elements-cfc76f8a9de467f99c7caa23f24cd925\" style=\"font-size:36px\"><em>Crianza Consciente<\/em><\/h2>\n\n\n\n<p class=\"has-text-align-center has-white-color has-text-color has-link-color wp-elements-fda0f44319fe3c05d0e599fcf97ca34a\">Gu\u00eda pr\u00e1ctica de minfulness y compasi\u00f3n<\/p>\n<\/div>\n<\/div>\n\n\n\n<div class=\"wp-block-columns is-layout-flex wp-container-core-columns-is-layout-9d6595d7 wp-block-columns-is-layout-flex\">\n<div class=\"wp-block-column is-layout-flow wp-block-column-is-layout-flow\" id=\"colum-crianza\">\n<div class=\"wp-block-columns is-layout-flex wp-container-core-columns-is-layout-9d6595d7 wp-block-columns-is-layout-flex\">\n<div class=\"wp-block-column col-image is-layout-flow wp-block-column-is-layout-flow\">\n<figure class=\"wp-block-gallery has-nested-images columns-default is-cropped wp-block-gallery-1 is-layout-flex wp-block-gallery-is-layout-flex\">\n<figure class=\"wp-block-image size-full\"><img fetchpriority=\"high\" decoding=\"async\" width=\"375\" height=\"381\" data-id=\"629\" src=\"https:\/\/mindfulnessycompasion.com.ar\/wp-content\/uploads\/2025\/10\/DSC1307-2-1.png\" alt=\"\" class=\"wp-image-629\" srcset=\"https:\/\/mindfulnessycompasion.com.ar\/wp-content\/uploads\/2025\/10\/DSC1307-2-1.png 375w, https:\/\/mindfulnessycompasion.com.ar\/wp-content\/uploads\/2025\/10\/DSC1307-2-1-295x300.png 295w, https:\/\/mindfulnessycompasion.com.ar\/wp-content\/uploads\/2025\/10\/DSC1307-2-1-12x12.png 12w\" sizes=\"(max-width: 375px) 100vw, 375px\" \/><\/figure>\n<\/figure>\n<\/div>\n\n\n\n<div class=\"wp-block-column col-info is-layout-flow wp-block-column-is-layout-flow\">\n<p class=\"bajada-subcopy has-text-color has-link-color wp-elements-74f2cea2e0034e029cd50d5b5d07790d\" style=\"color:#007a6b;font-size:18px\">\u00bfTe gustar\u00eda ser una madre o padre m\u00e1s presente, paciente, amoroso y compasivo? \u00bfSos profesional de la salud y acompa\u00f1\u00e1s en la crianza? Si es as\u00ed, \u201cCrianza Consciente: Gu\u00eda Pr\u00e1ctica de Mindfulness y Compasi\u00f3n\u201d puede ayudarte!<\/p>\n\n\n\n<p class=\"text\">\u00abCrianza Consciente. Gu\u00eda Pr\u00e1ctica de Mindfulness y Compasi\u00f3n\u00bb te ofrece un camino transformador para convertirte en la persona cuidadora que siempre has so\u00f1ado ser. A trav\u00e9s de ejercicios pr\u00e1cticos, ejemplos cotidianos y actividades reflexivas, podr\u00e1s cultivar la atenci\u00f3n plena, la compasi\u00f3n y la autocompasi\u00f3n en tu vida familiar, creando un ambiente presente y lleno de amor.<\/p>\n\n\n\n<div class=\"wp-block-buttons is-layout-flex wp-block-buttons-is-layout-flex\">\n<div class=\"wp-block-button\"><a class=\"wp-block-button__link has-background has-custom-font-size wp-element-button\" href=\"https:\/\/mindfulnessycompasion.com.ar\/en\/product\/crianza-consciente-guia-practica-de-mindfulness-y-compasion\/\" style=\"background-color:#00ac97;font-size:18px\">Comprar<\/a><\/div>\n<\/div>\n<\/div>\n<\/div>\n<\/div>\n<\/div>\n\n\n\n<div class=\"wp-block-columns has-background is-layout-flex wp-container-core-columns-is-layout-9d6595d7 wp-block-columns-is-layout-flex\" style=\"background-color:#f4f4f4\">\n<div class=\"wp-block-column items is-layout-flow wp-block-column-is-layout-flow\" id=\"beneficio\">\n<h4 class=\"wp-block-heading has-text-align-center has-text-color has-link-color wp-elements-ef1474493aeab84fca64f16b2c208884\" style=\"color:#007a6b;font-size:28px\"><strong>En esta gu\u00eda encontrar\u00e1s:<\/strong><\/h4>\n\n\n\n<div class=\"wp-block-columns is-layout-flex wp-container-core-columns-is-layout-9d6595d7 wp-block-columns-is-layout-flex\">\n<div class=\"wp-block-column col-item-benefit has-white-background-color has-background is-layout-flow wp-block-column-is-layout-flow\"><div class=\"wp-block-image\">\n<figure class=\"aligncenter size-full is-resized\"><img decoding=\"async\" width=\"32\" height=\"32\" src=\"https:\/\/mindfulnessycompasion.com.ar\/wp-content\/uploads\/2025\/10\/check.png\" alt=\"\" class=\"wp-image-294\" style=\"width:32px\"\/><\/figure>\n<\/div>\n\n\n<p class=\"has-text-align-center\"><strong>Ejercicios claros y f\u00e1ciles de seguir<\/strong> para cultivar la atenci\u00f3n plena, la compasi\u00f3n y la autocompasi\u00f3n en tu vida familiar.<\/p>\n<\/div>\n\n\n\n<div class=\"wp-block-column col-item-benefit has-white-background-color has-background is-layout-flow wp-block-column-is-layout-flow\"><div class=\"wp-block-image\">\n<figure class=\"aligncenter size-full is-resized\"><img decoding=\"async\" width=\"32\" height=\"32\" src=\"https:\/\/mindfulnessycompasion.com.ar\/wp-content\/uploads\/2025\/10\/check.png\" alt=\"\" class=\"wp-image-294\" style=\"width:32px\"\/><\/figure>\n<\/div>\n\n\n<p class=\"has-text-align-center\"><strong>Ejemplos cotidianos<\/strong> que te ayudar\u00e1n a aplicar los principios de la crianza consciente en tu d\u00eda a d\u00eda.<\/p>\n<\/div>\n\n\n\n<div class=\"wp-block-column col-item-benefit has-white-background-color has-background is-layout-flow wp-block-column-is-layout-flow\"><div class=\"wp-block-image\">\n<figure class=\"aligncenter size-full is-resized\"><img decoding=\"async\" width=\"32\" height=\"32\" src=\"https:\/\/mindfulnessycompasion.com.ar\/wp-content\/uploads\/2025\/10\/check.png\" alt=\"\" class=\"wp-image-294\" style=\"width:32px\"\/><\/figure>\n<\/div>\n\n\n<p class=\"has-text-align-center\"><strong>Actividades reflexivas<\/strong> que te permitir\u00e1n profundizar en tu propia transformaci\u00f3n como padre o madre.<\/p>\n<\/div>\n<\/div>\n<\/div>\n<\/div>\n\n\n\n<div class=\"wp-block-columns is-layout-flex wp-container-core-columns-is-layout-9d6595d7 wp-block-columns-is-layout-flex\">\n<div class=\"wp-block-column listado is-layout-flow wp-block-column-is-layout-flow\" id=\"descubre\">\n<h4 class=\"wp-block-heading has-text-align-center has-text-color has-link-color wp-elements-853c293412c9e6acaa74c3fbd8e0e453\" style=\"color:#007a6b;font-size:28px\"><strong>Descubre c\u00f3mo:<\/strong><\/h4>\n\n\n\n<div class=\"wp-block-columns is-layout-flex wp-container-core-columns-is-layout-9d6595d7 wp-block-columns-is-layout-flex\">\n<div class=\"wp-block-column col-item-benefit has-white-background-color has-background is-layout-flow wp-block-column-is-layout-flow\">\n<p class=\"has-text-align-left\"><strong>Estar presente en el momento<\/strong> y conectar con tus hijas e hijos de manera profunda, fortaleciendo el v\u00ednculo emocional entre ustedes.<\/p>\n\n\n\n<p><strong>Practicar la autocompasi\u00f3n<\/strong> para ser persona cuidadora que se da espacios de autocuidado, amabilidad y comprensi\u00f3n, es efectiva y capaz de manejar sus errores y defectos con sabidur\u00eda.<\/p>\n\n\n\n<p><strong>Fomentar la curiosidad<\/strong> para que exploren el mundo con entusiasmo, aprendan de sus experiencias y desarrollen su creatividad.<\/p>\n\n\n\n<p class=\"has-text-align-left\"><strong>Encontrar la felicidad en los momentos cotidianos<\/strong> y fomentar un ambiente familiar positivo y alegre.<\/p>\n<\/div>\n\n\n\n<div class=\"wp-block-column col-item-benefit has-white-background-color has-background is-layout-flow wp-block-column-is-layout-flow\">\n<p class=\"has-text-align-left\"><strong>Conectar con el tipo de apego y crear un v\u00ednculo fuerte y seguro con tus hijos<\/strong>, brind\u00e1ndoles el amor y el apoyo que necesitan para ser una base segura.<\/p>\n\n\n\n<p><strong>Cultivar la gratitud<\/strong>, enfoc\u00e1ndote en lo que s\u00ed funciona y desarrollar una mayor resiliencia ante las dificultades.<\/p>\n\n\n\n<p><strong>Conectar con tus valores y creencias<\/strong>, tomando decisiones m\u00e1s conscientes y alineadas con tu prop\u00f3sito vital.<\/p>\n\n\n\n<p class=\"has-text-align-left\"><strong>Regular tus propias emociones y ayudar a tus hijos a hacer lo mismo<\/strong>, creando un ambiente familiar tranquilo y armonioso donde los conflictos se resuelven de manera asertiva.<\/p>\n<\/div>\n<\/div>\n<\/div>\n<\/div>\n\n\n\n<div class=\"wp-block-columns has-background is-layout-flex wp-container-core-columns-is-layout-9d6595d7 wp-block-columns-is-layout-flex\" id=\"section-audio\" style=\"background:linear-gradient(153deg,rgb(8,61,91) 0%,rgb(13,100,151) 49%,rgb(21,152,136) 100%)\">\n<div class=\"wp-block-column container-audio is-layout-flow wp-block-column-is-layout-flow\">\n<h2 class=\"wp-block-heading has-text-align-center title-audios has-text-color has-link-color wp-elements-0a7daa7a919b4ecd68fc7dcfe34c192b\" style=\"color:#33bdac;font-size:36px\"><em>Gu\u00eda de Audios<\/em><\/h2>\n\n\n\n<p class=\"has-text-align-center bajada-text-audio has-white-color has-text-color has-link-color wp-elements-a5a313323a0b8d7d60e3034671dc53cd\">Practicar con simples y divertidos ejercicios la atenci\u00f3n plena y la compasi\u00f3n en familia, fortaleciendo los v\u00ednculos entre padres e hijos y creando un espacio de amor y comprensi\u00f3n mutua.<\/p>\n\n\n\n<div class=\"wp-block-columns item-audio has-background is-layout-flex wp-container-core-columns-is-layout-9d6595d7 wp-block-columns-is-layout-flex\" style=\"background-color:#062e46\">\n<div class=\"wp-block-column is-layout-flow wp-block-column-is-layout-flow\">\n<p class=\"has-text-color has-link-color wp-elements-91ba8f8865604cca612c71c8a2223403\" style=\"color:#5e9ec3\">Meditaci\u00f3n sobre las intenciones<\/p>\n<\/div>\n\n\n\n<div class=\"wp-block-column is-layout-flow wp-block-column-is-layout-flow\">\n<figure class=\"wp-block-audio\"><audio controls src=\"https:\/\/mindfulnessycompasion.com.ar\/wp-content\/uploads\/2025\/10\/2-Meditacion-sobre-las-intenciones.wav\"><\/audio><\/figure>\n<\/div>\n<\/div>\n\n\n\n<div class=\"wp-block-columns item-audio has-background is-layout-flex wp-container-core-columns-is-layout-9d6595d7 wp-block-columns-is-layout-flex\" style=\"background-color:#062e46\">\n<div class=\"wp-block-column is-layout-flow wp-block-column-is-layout-flow\">\n<p class=\"has-text-color has-link-color wp-elements-96a34ad3127b9340ed47c822a0e1cc3a\" style=\"color:#5e9ec3\">Atenci\u00f3n consciente a la respiraci\u00f3n<\/p>\n<\/div>\n\n\n\n<div class=\"wp-block-column is-layout-flow wp-block-column-is-layout-flow\">\n<figure class=\"wp-block-audio\"><audio controls src=\"https:\/\/mindfulnessycompasion.com.ar\/wp-content\/uploads\/2025\/10\/2-Atencion-consciente-a-la-respiracion.wav\"><\/audio><\/figure>\n<\/div>\n<\/div>\n\n\n\n<div class=\"wp-block-columns item-audio has-background is-layout-flex wp-container-core-columns-is-layout-9d6595d7 wp-block-columns-is-layout-flex\" style=\"background-color:#062e46\">\n<div class=\"wp-block-column is-layout-flow wp-block-column-is-layout-flow\">\n<p class=\"has-text-color has-link-color wp-elements-9aa40354e56b6b1af3b00fd0fefc7702\" style=\"color:#5e9ec3\">La pausa del tacto tranquilizador<\/p>\n<\/div>\n\n\n\n<div class=\"wp-block-column is-layout-flow wp-block-column-is-layout-flow\">\n<figure class=\"wp-block-audio\"><audio controls src=\"https:\/\/mindfulnessycompasion.com.ar\/wp-content\/uploads\/2025\/10\/3.0-LA-PAUSA-DEL-TACTO-TRANQUILIZADOR.mp3\"><\/audio><\/figure>\n<\/div>\n<\/div>\n\n\n\n<div class=\"wp-block-columns item-audio has-background is-layout-flex wp-container-core-columns-is-layout-9d6595d7 wp-block-columns-is-layout-flex\" style=\"background-color:#062e46\">\n<div class=\"wp-block-column is-layout-flow wp-block-column-is-layout-flow\">\n<p class=\"has-text-color has-link-color wp-elements-dfb02c49f560654970b9ade6769af5a6\" style=\"color:#5e9ec3\">La pausa de la autocompasi\u00f3n<\/p>\n<\/div>\n\n\n\n<div class=\"wp-block-column is-layout-flow wp-block-column-is-layout-flow\">\n<figure class=\"wp-block-audio\"><audio controls src=\"https:\/\/mindfulnessycompasion.com.ar\/wp-content\/uploads\/2025\/10\/3.1-LA-PAUSA-DE-LA-AUTOCOMPASION-CAP-3.mp3\"><\/audio><\/figure>\n<\/div>\n<\/div>\n\n\n\n<div class=\"wp-block-columns item-audio has-background is-layout-flex wp-container-core-columns-is-layout-9d6595d7 wp-block-columns-is-layout-flex\" style=\"background-color:#062e46\">\n<div class=\"wp-block-column is-layout-flow wp-block-column-is-layout-flow\">\n<p class=\"has-text-color has-link-color wp-elements-f5b45d44e2f5d64850fc1ac98dcbdf99\" style=\"color:#5e9ec3\">Quien te ayuda a sentirte seguro<\/p>\n<\/div>\n\n\n\n<div class=\"wp-block-column is-layout-flow wp-block-column-is-layout-flow\">\n<figure class=\"wp-block-audio\"><audio controls src=\"https:\/\/mindfulnessycompasion.com.ar\/wp-content\/uploads\/2025\/10\/4-QUIEN-TE-AYUDA-A-SENTIRTE-SEGURO.mp3\"><\/audio><\/figure>\n<\/div>\n<\/div>\n\n\n\n<div class=\"wp-block-columns item-audio has-background is-layout-flex wp-container-core-columns-is-layout-9d6595d7 wp-block-columns-is-layout-flex\" style=\"background-color:#062e46\">\n<div class=\"wp-block-column is-layout-flow wp-block-column-is-layout-flow\">\n<p class=\"has-text-color has-link-color wp-elements-9a6e103917c9cd2193c5a1e4a063eca8\" style=\"color:#5e9ec3\">Pausa de observaci\u00f3n de las emociones<\/p>\n<\/div>\n\n\n\n<div class=\"wp-block-column is-layout-flow wp-block-column-is-layout-flow\">\n<figure class=\"wp-block-audio\"><audio controls src=\"https:\/\/mindfulnessycompasion.com.ar\/wp-content\/uploads\/2025\/10\/5-Pausa-de-observacion-de-las-emociones.mp3\"><\/audio><\/figure>\n<\/div>\n<\/div>\n\n\n\n<div class=\"wp-block-columns item-audio has-background is-layout-flex wp-container-core-columns-is-layout-9d6595d7 wp-block-columns-is-layout-flex\" style=\"background-color:#062e46\">\n<div class=\"wp-block-column is-layout-flow wp-block-column-is-layout-flow\">\n<p class=\"has-text-color has-link-color wp-elements-50b125e605438342fa8d1299da083503\" style=\"color:#5e9ec3\">La br\u00fajula interna. El camino del bosque<\/p>\n<\/div>\n\n\n\n<div class=\"wp-block-column is-layout-flow wp-block-column-is-layout-flow\">\n<figure class=\"wp-block-audio\"><audio controls src=\"https:\/\/mindfulnessycompasion.com.ar\/wp-content\/uploads\/2025\/10\/6-La-brujula-interna-El-camino-en-el-bosque.mp3\"><\/audio><\/figure>\n<\/div>\n<\/div>\n\n\n\n<div class=\"wp-block-columns item-audio has-background is-layout-flex wp-container-core-columns-is-layout-9d6595d7 wp-block-columns-is-layout-flex\" style=\"background-color:#062e46\">\n<div class=\"wp-block-column is-layout-flow wp-block-column-is-layout-flow\">\n<p class=\"has-text-color has-link-color wp-elements-74eef098dad4ade2c545fc21f4516408\" style=\"color:#5e9ec3\">Una pausa con curiosidad<\/p>\n<\/div>\n\n\n\n<div class=\"wp-block-column is-layout-flow wp-block-column-is-layout-flow\">\n<figure class=\"wp-block-audio\"><audio controls src=\"https:\/\/mindfulnessycompasion.com.ar\/wp-content\/uploads\/2025\/10\/8-Una-pausa-con-curiosidad.mp3\"><\/audio><\/figure>\n<\/div>\n<\/div>\n\n\n\n<div class=\"wp-block-columns item-audio has-background is-layout-flex wp-container-core-columns-is-layout-9d6595d7 wp-block-columns-is-layout-flex\" style=\"background-color:#062e46\">\n<div class=\"wp-block-column is-layout-flow wp-block-column-is-layout-flow\">\n<p class=\"has-text-color has-link-color wp-elements-9297178c675ca53c9e567120cf342270\" style=\"color:#5e9ec3\">Meditaci\u00f3n multiplicadora de alegr\u00eda<\/p>\n<\/div>\n\n\n\n<div class=\"wp-block-column is-layout-flow wp-block-column-is-layout-flow\">\n<figure class=\"wp-block-audio\"><audio controls src=\"https:\/\/mindfulnessycompasion.com.ar\/wp-content\/uploads\/2025\/10\/9-Meditacion-multiplicadora-de-alegria.mp3\"><\/audio><\/figure>\n<\/div>\n<\/div>\n\n\n\n<div class=\"wp-block-columns item-audio has-background is-layout-flex wp-container-core-columns-is-layout-9d6595d7 wp-block-columns-is-layout-flex\" style=\"background-color:#062e46\">\n<div class=\"wp-block-column is-layout-flow wp-block-column-is-layout-flow\">\n<p class=\"has-text-color has-link-color wp-elements-39cf1812f98e9daf994e2868ac8aca6d\" style=\"color:#5e9ec3\">Meditaci\u00f3n de la alegr\u00eda sobre los 8 pilares<\/p>\n<\/div>\n\n\n\n<div class=\"wp-block-column is-layout-flow wp-block-column-is-layout-flow\">\n<figure class=\"wp-block-audio\"><audio controls src=\"https:\/\/mindfulnessycompasion.com.ar\/wp-content\/uploads\/2025\/10\/9-Meditacion-de-la-alegria-sobre-los-8-pilares.mp3\"><\/audio><\/figure>\n<\/div>\n<\/div>\n\n\n\n<div class=\"wp-block-columns item-audio has-background is-layout-flex wp-container-core-columns-is-layout-9d6595d7 wp-block-columns-is-layout-flex\" style=\"background-color:#062e46\">\n<div class=\"wp-block-column is-layout-flow wp-block-column-is-layout-flow\">\n<p class=\"has-text-color has-link-color wp-elements-241d67770662b096ca6b1b05c7f2e876\" style=\"color:#5e9ec3\">Un lugar seguro<\/p>\n<\/div>\n\n\n\n<div class=\"wp-block-column is-layout-flow wp-block-column-is-layout-flow\">\n<figure class=\"wp-block-audio\"><audio controls src=\"https:\/\/mindfulnessycompasion.com.ar\/wp-content\/uploads\/2025\/10\/10-UN-LUGAR-SEGURO.mp3\"><\/audio><\/figure>\n<\/div>\n<\/div>\n\n\n\n<div class=\"wp-block-columns item-audio has-background is-layout-flex wp-container-core-columns-is-layout-9d6595d7 wp-block-columns-is-layout-flex\" style=\"background-color:#062e46\">\n<div class=\"wp-block-column is-layout-flow wp-block-column-is-layout-flow\">\n<p class=\"has-text-color has-link-color wp-elements-30bef19daaaba8bc94cd3566a4f79b18\" style=\"color:#5e9ec3\">Las 5 respiraciones profundas &#8211; Experimentando la gratitud<\/p>\n<\/div>\n\n\n\n<div class=\"wp-block-column is-layout-flow wp-block-column-is-layout-flow\">\n<figure class=\"wp-block-audio\"><audio controls src=\"https:\/\/mindfulnessycompasion.com.ar\/wp-content\/uploads\/2025\/10\/10-Las-5-respiraciones-profundas-experimentando-la-gratitud.mp3\"><\/audio><\/figure>\n<\/div>\n<\/div>\n\n\n\n<div class=\"wp-block-columns item-audio has-background is-layout-flex wp-container-core-columns-is-layout-9d6595d7 wp-block-columns-is-layout-flex\" style=\"background-color:#062e46\">\n<div class=\"wp-block-column is-layout-flow wp-block-column-is-layout-flow\">\n<p class=\"has-text-color has-link-color wp-elements-dba760856685c08cda7e4c4928c895e7\" style=\"color:#5e9ec3\">Como resolver un pensamiento de preocupaci\u00f3n y conectar con lo que realmente importa<\/p>\n<\/div>\n\n\n\n<div class=\"wp-block-column is-layout-flow wp-block-column-is-layout-flow\">\n<figure class=\"wp-block-audio\"><audio controls src=\"https:\/\/mindfulnessycompasion.com.ar\/wp-content\/uploads\/2025\/10\/10-COMO-DISOLVER-UN-PENSAMIENTO-DE-PREOCUPACION-Y-CONECTAR-CON-LO-QUE-REALMENTE-IMPORTA.mp3\"><\/audio><\/figure>\n<\/div>\n<\/div>\n<\/div>\n<\/div>\n\n\n\n<p><\/p>","protected":false},"excerpt":{"rendered":"<p>Crianza Consciente Gu\u00eda pr\u00e1ctica de minfulness y compasi\u00f3n \u00bfTe gustar\u00eda ser una madre o padre m\u00e1s presente, paciente, amoroso y compasivo? \u00bfSos profesional de la salud y acompa\u00f1\u00e1s en la [&hellip;]<\/p>\n","protected":false},"author":1,"featured_media":0,"parent":617,"menu_order":0,"comment_status":"closed","ping_status":"closed","template":"","meta":{"footnotes":""},"class_list":["post-609","page","type-page","status-publish","hentry","entry","owp-thumbs-layout-horizontal","owp-btn-normal","owp-tabs-layout-horizontal","has-no-thumbnails","has-product-nav"],"_links":{"self":[{"href":"https:\/\/mindfulnessycompasion.com.ar\/en\/wp-json\/wp\/v2\/pages\/609","targetHints":{"allow":["GET"]}}],"collection":[{"href":"https:\/\/mindfulnessycompasion.com.ar\/en\/wp-json\/wp\/v2\/pages"}],"about":[{"href":"https:\/\/mindfulnessycompasion.com.ar\/en\/wp-json\/wp\/v2\/types\/page"}],"author":[{"embeddable":true,"href":"https:\/\/mindfulnessycompasion.com.ar\/en\/wp-json\/wp\/v2\/users\/1"}],"replies":[{"embeddable":true,"href":"https:\/\/mindfulnessycompasion.com.ar\/en\/wp-json\/wp\/v2\/comments?post=609"}],"version-history":[{"count":10,"href":"https:\/\/mindfulnessycompasion.com.ar\/en\/wp-json\/wp\/v2\/pages\/609\/revisions"}],"predecessor-version":[{"id":620,"href":"https:\/\/mindfulnessycompasion.com.ar\/en\/wp-json\/wp\/v2\/pages\/609\/revisions\/620"}],"up":[{"embeddable":true,"href":"https:\/\/mindfulnessycompasion.com.ar\/en\/wp-json\/wp\/v2\/pages\/617"}],"wp:attachment":[{"href":"https:\/\/mindfulnessycompasion.com.ar\/en\/wp-json\/wp\/v2\/media?parent=609"}],"curies":[{"name":"wp","href":"https:\/\/api.w.org\/{rel}","templated":true}]}}